{"id":35003,"date":"2023-03-28T17:38:28","date_gmt":"2023-03-28T15:38:28","guid":{"rendered":"https:\/\/dunkerquelenergiecreative.fr\/?page_id=35003"},"modified":"2025-07-04T16:12:02","modified_gmt":"2025-07-04T14:12:02","slug":"welcome-to-flanders-dunkirk","status":"publish","type":"page","link":"https:\/\/dunkerquelenergiecreative.fr\/en\/welcome-to-flanders-dunkirk\/","title":{"rendered":"DUNKIRK, A REGION OF HISTORY AND CULTURE"},"content":{"rendered":"bool(false)\n\n\n<section class=\"blc-hero-slider c-slider-home c-section--white\" id='0c9ad5df8e70e81dd169a7ac3c9a141c'>\n\t<div class=\"c-slider-home__slides js-slider-home\">\n\t\t\t\t\t<div class=\"c-slider-home__slide\">\n\t\t\t\t<img decoding=\"async\" class=\"c-slider-home__bg\" alt=\"DUNKIRK, A REGION OF HISTORY AND CULTURE\" src=\"https:\/\/dunkerquelenergiecreative.fr\/wp-content\/uploads\/2023\/01\/REDI-@CUD-Pierre-Volot4-1.jpg\" srcset=\"\" sizes=\"(min-width: 1400px) 1386px, (min-width: 1600px) 1584px, 100vw\">\t\t\t\t\t\t\t\t\t\t\t\t<div class=\"o-wrapper decal__bg\">\n\t\t\t\t\t<div class=\"c-slider-home__content\">\n\t\t\t\t\t\t<h1 class='u-h1 c-slider-home__title' class='u-h1 c-slider-home__title' id=\"dunkirk-the-ideal-region-for-families\">DUNKIRK, THE IDEAL REGION FOR FAMILIES<\/h1>\t\t\t\t\t\t\t\t\t\t\t\t\t\t\t\t\t<\/div>\n\t\t\t\t<\/div>\n\t\t\t<\/div>\n\t\t\t\t\t<div class=\"c-slider-home__slide\">\n\t\t\t\t<img decoding=\"async\" class=\"c-slider-home__bg\" alt=\"DUNKIRK, A REGION OF HISTORY AND CULTURE\" src=\"https:\/\/dunkerquelenergiecreative.fr\/wp-content\/uploads\/2023\/01\/REDI-XVM8eb4c55a-af27-11e7-9d3f-b1c8279c454b.jpg\" srcset=\"\" sizes=\"(min-width: 1400px) 1386px, (min-width: 1600px) 1584px, 100vw\">\t\t\t\t\t\t\t\t\t\t\t\t<div class=\"o-wrapper decal__bg\">\n\t\t\t\t\t<div class=\"c-slider-home__content\">\n\t\t\t\t\t\t<h1 class='u-h1 c-slider-home__title' class='u-h1 c-slider-home__title' id=\"dunkirk-territory-of-history-and-culture\">DUNKIRK TERRITORY OF HISTORY AND CULTURE<\/h2>\t\t\t\t\t\t\t\t\t\t\t\t\t\t\t\t\t<\/div>\n\t\t\t\t<\/div>\n\t\t\t<\/div>\n\t\t\t\t\t<div class=\"c-slider-home__slide\">\n\t\t\t\t<img decoding=\"async\" class=\"c-slider-home__bg\" alt=\"DUNKIRK, A REGION OF HISTORY AND CULTURE\" src=\"https:\/\/dunkerquelenergiecreative.fr\/wp-content\/uploads\/2022\/08\/coucher-de-soleil-Gables.jpg\" srcset=\"https:\/\/dunkerquelenergiecreative.fr\/wp-content\/uploads\/2022\/08\/coucher-de-soleil-Gables-300x300.jpg 300w, https:\/\/dunkerquelenergiecreative.fr\/wp-content\/uploads\/2022\/08\/coucher-de-soleil-Gables-1024x1024.jpg 1024w, https:\/\/dunkerquelenergiecreative.fr\/wp-content\/uploads\/2022\/08\/coucher-de-soleil-Gables-150x150.jpg 150w, https:\/\/dunkerquelenergiecreative.fr\/wp-content\/uploads\/2022\/08\/coucher-de-soleil-Gables-768x768.jpg 768w, https:\/\/dunkerquelenergiecreative.fr\/wp-content\/uploads\/2022\/08\/coucher-de-soleil-Gables-1536x1536.jpg 1536w, https:\/\/dunkerquelenergiecreative.fr\/wp-content\/uploads\/2022\/08\/coucher-de-soleil-Gables.jpg 2048w\" sizes=\"(min-width: 1400px) 1386px, (min-width: 1600px) 1584px, 100vw\">\t\t\t\t\t\t\t\t\t\t\t\t<div class=\"o-wrapper decal__bg\">\n\t\t\t\t\t<div class=\"c-slider-home__content\">\n\t\t\t\t\t\t<h2 class='u-h1 c-slider-home__title' class='u-h1 c-slider-home__title' id=\"dunkirk-a-region-by-the-sea\">DUNKIRK, A REGION BY THE SEA<\/h2>\t\t\t\t\t\t\t\t\t\t\t\t\t\t\t\t\t<\/div>\n\t\t\t\t<\/div>\n\t\t\t<\/div>\n\t\t\t\t\t<div class=\"c-slider-home__slide\">\n\t\t\t\t<img decoding=\"async\" class=\"c-slider-home__bg\" alt=\"DUNKIRK, A REGION OF HISTORY AND CULTURE\" src=\"https:\/\/dunkerquelenergiecreative.fr\/wp-content\/uploads\/2023\/01\/REDI-moules-frites-1.jpg\" srcset=\"\" sizes=\"(min-width: 1400px) 1386px, (min-width: 1600px) 1584px, 100vw\">\t\t\t\t\t\t\t\t\t\t\t\t<div class=\"o-wrapper decal__bg\">\n\t\t\t\t\t<div class=\"c-slider-home__content\">\n\t\t\t\t\t\t<h2 class='u-h1 c-slider-home__title' class='u-h1 c-slider-home__title' id=\"dunkirk-a-region-of-gastronomy\">DUNKIRK, A REGION OF GASTRONOMY<\/h2>\t\t\t\t\t\t\t\t\t\t\t\t\t\t\t\t\t<\/div>\n\t\t\t\t<\/div>\n\t\t\t<\/div>\n\t\t\t\t\t<div class=\"c-slider-home__slide\">\n\t\t\t\t<img decoding=\"async\" class=\"c-slider-home__bg\" alt=\"employ\u00e9 avec casque VR\" src=\"https:\/\/dunkerquelenergiecreative.fr\/wp-content\/uploads\/2022\/06\/light_\u00a9MarkMercer_ArcelorMittal_Virtual-Reality-demonstration-3d.jpeg\" srcset=\"https:\/\/dunkerquelenergiecreative.fr\/wp-content\/uploads\/2022\/06\/light_\u00a9MarkMercer_ArcelorMittal_Virtual-Reality-demonstration-3d-300x234.jpeg 300w, https:\/\/dunkerquelenergiecreative.fr\/wp-content\/uploads\/2022\/06\/light_\u00a9MarkMercer_ArcelorMittal_Virtual-Reality-demonstration-3d-768x599.jpeg 768w, https:\/\/dunkerquelenergiecreative.fr\/wp-content\/uploads\/2022\/06\/light_\u00a9MarkMercer_ArcelorMittal_Virtual-Reality-demonstration-3d.jpeg 992w\" sizes=\"(min-width: 1400px) 1386px, (min-width: 1600px) 1584px, 100vw\">\t\t\t\t\t\t\t\t\t\t\t\t<div class=\"o-wrapper decal__bg\">\n\t\t\t\t\t<div class=\"c-slider-home__content\">\n\t\t\t\t\t\t<h2 class='u-h1 c-slider-home__title' class='u-h1 c-slider-home__title' id=\"dunkerque-territory-of-industry-and-innovation\">DUNKERQUE TERRITORY OF INDUSTRY AND INNOVATION<\/h2>\t\t\t\t\t\t\t\t\t\t\t\t\t\t\t\t\t<\/div>\n\t\t\t\t<\/div>\n\t\t\t<\/div>\n\t\t\t<\/div>\n<\/section>\n\n\n\n\r\n\r\n<section class=\"blc-text-media c-section c-section--white\" id='5abfb228cb805a2f50f4e03abbb742d6'>\r\n\t<div class=\"o-wrapper\">\r\n\t\t<div class=\"c-block-push c-block-push--invert\">\r\n\t\t\t<div class=\"c-block-push__img\">\r\n\t\t\t\t<div class=\"ratio-16x9\">\r\n\t\t\t\t\t\t\t\t\t\t\t\t\t\t\t<a href=\"https:\/\/www.youtube.com\/watch?v=j1oG7hTsCW8\">https:\/\/www.youtube.com\/watch?v=j1oG7hTsCW8<\/a>\t\t\t\t<\/div>\r\n\t\t\t<\/div>\r\n\t\t\t<div class=\"c-block-push__content\">\r\n\t\t\t\t<div class=\"c-wysiwyg\">\r\n\t\t\t\t\t<h2 id=\"welcome-home\">Welcome home!<\/h2>\r\n\t\t\t\t\t<div><p><strong>Are you looking for a great place to live, close to nature and in a welcoming and peaceful area? Then why not choose Dunkirk?<\/strong><\/p>\n<p>Fancy learning more about Dunkirk&#8217;s jobs, property listings, services and schools? Then look no further as we&#8217;ll answer all your questions!<\/p>\n<p><strong>Fill out the form below and we<\/strong>&#8216;<strong>ll get back to you with the information you need. &nbsp;<\/strong><\/p>\n<\/div>\r\n\t\t\t\t\t\t\t\t\t<\/div>\r\n\t\t\t<\/div>\r\n\t\t<\/div>\r\n\t<\/div>\r\n<\/section>\r\n\r\n\n\n\r\n\r\n<section class=\"blc-text-media c-section c-section--white\" id='48d0c73954fed7731efb61f2206f375b'>\r\n\t<div class=\"o-wrapper\">\r\n\t\t<div class=\"c-block-push \">\r\n\t\t\t<div class=\"c-block-push__img\">\r\n\t\t\t\t<div class=\"ratio-16x9\">\r\n\t\t\t\t\t<img decoding=\"async\" alt=\"Adeline Andricq\" src=\"https:\/\/dunkerquelenergiecreative.fr\/wp-content\/uploads\/2023\/06\/PhotoAdelineNL.jpg\" srcset=\"\" sizes=\"(min-width: 992px) 496px, (min-width: 1200px) 600px, (min-width: 1400px) 700px, (min-width: 1600px) 800px, 100vw\">\t\t\t\t\t\t\t\t\t\t\t\t\t\t<\/div>\r\n\t\t\t<\/div>\r\n\t\t\t<div class=\"c-block-push__content\">\r\n\t\t\t\t<div class=\"c-wysiwyg\">\r\n\t\t\t\t\t<h2 id=\"giving-you-a-warm-welcome\">Giving you a warm welcome!  <\/h2>\r\n\t\t\t\t\t<div><p>In line with our welcome tradition, we are pleased to announce our agency&#8217;s new service: welcoming people relocating to the Dunkirk area! &nbsp;<\/p>\n<p>Adeline Andricq, our support officer for new inhabitants, will be the perfect point of contact for any questions you may have before, during or after your move.<\/p>\n<p>We<strong> organise regular tours<\/strong> to help those who have just arrived in the region to discover their future or new place of residence. Interested? <strong>To find out the date of our next tour, click on the button below.<\/strong><\/p>\n<p>If you have any questions or would like further information, do not hesitate to contact Adeline:<\/p>\n<ul>\n<li style=\"list-style-type: none;\">\n<ul>\n<li>Telephone: <strong>+ 33 (0)3 28 22 64 40<\/strong> or <strong>+ 33 (0)7 56 38 68 14<\/strong><\/li>\n<li><span style=\"color: var(--color-tertiary); font-family: var(--global-font-family); font-size: var(--global-font-size);\">Email: <\/span><strong style=\"color: var(--color-tertiary); font-family: var(--global-font-family); font-size: var(--global-font-size);\"><a style=\"font-size: 1rem; background-color: #ffffff; font-family: var(--global-font-family);\" href=\"mailto:adeline.andricq@ecosysteme-d.fr\">adeline.andricq@ecosysteme-d.fr<\/a><\/strong><\/li>\n<\/ul>\n<\/li>\n<\/ul>\n<\/div>\r\n\t\t\t\t\t<a class='c-btn ' href=\"https:\/\/share.hsforms.com\/1LF_hWGttR6W6guBSAf2EJQ59l2o\" target=\"_blank\">Sign up for next tour!<\/a>\t\t\t\t<\/div>\r\n\t\t\t<\/div>\r\n\t\t<\/div>\r\n\t<\/div>\r\n<\/section>\r\n\r\n\n\n\r\n\r\n<section class=\"blc-text-media c-section c-section--secondary-light\" id='86ae98b5e2c33feeb5f0a7623d6a4e67'>\r\n\t<div class=\"o-wrapper\">\r\n\t\t<div class=\"c-block-push c-block-push--invert\">\r\n\t\t\t<div class=\"c-block-push__img\">\r\n\t\t\t\t<div class=\"ratio-16x9\">\r\n\t\t\t\t\t<img decoding=\"async\" alt=\"mockup welcome pack\" src=\"https:\/\/dunkerquelenergiecreative.fr\/wp-content\/uploads\/2024\/08\/welcome-pack-mockup-1.jpg\" srcset=\"https:\/\/dunkerquelenergiecreative.fr\/wp-content\/uploads\/2024\/08\/welcome-pack-mockup-1-300x225.jpg 300w, https:\/\/dunkerquelenergiecreative.fr\/wp-content\/uploads\/2024\/08\/welcome-pack-mockup-1-1024x768.jpg 1024w, https:\/\/dunkerquelenergiecreative.fr\/wp-content\/uploads\/2024\/08\/welcome-pack-mockup-1-768x576.jpg 768w, https:\/\/dunkerquelenergiecreative.fr\/wp-content\/uploads\/2024\/08\/welcome-pack-mockup-1-1536x1152.jpg 1536w, https:\/\/dunkerquelenergiecreative.fr\/wp-content\/uploads\/2024\/08\/welcome-pack-mockup-1-2048x1536.jpg 2048w\" sizes=\"(min-width: 992px) 496px, (min-width: 1200px) 600px, (min-width: 1400px) 700px, (min-width: 1600px) 800px, 100vw\">\t\t\t\t\t\t\t\t\t\t\t\t\t\t<\/div>\r\n\t\t\t<\/div>\r\n\t\t\t<div class=\"c-block-push__content\">\r\n\t\t\t\t<div class=\"c-wysiwyg\">\r\n\t\t\t\t\t<h2 id=\"discover-the-talent-recruitment-and-support-service-for-employees-on-the-move\">Discover the Talent recruitment and support service for employees on the move<\/h2>\r\n\t\t\t\t\t<div><p>The \u201cTalent Recruitment\u201d service will help you at each stage of your move: with finding a house, administrative paperwork, employment for your spouse and discovering our region. We offer bespoke services to businesses to help integrate new talent as best possible. Contact Adeline ANDRICQ for a personal welcome and simplify your move today!<\/p>\n<\/div>\r\n\t\t\t\t\t<a class='c-btn c-btn--tertiary' href=\"https:\/\/dunkerquelenergiecreative.fr\/wp-content\/uploads\/2024\/10\/21-x-21-welcome-pack-GB-VF.pdf\" target=\"_blank\">Download the guide<\/a>\t\t\t\t<\/div>\r\n\t\t\t<\/div>\r\n\t\t<\/div>\r\n\t<\/div>\r\n<\/section>\r\n\r\n\n\n\n\n<section class=\"blc-hero-lp c-section c-section--secondary tpl2\" id='261daf10bcc56628494aee94a47e1bdb'>\n\t<div class=\"o-wrapper\">\n\t\t<div class=\"c-section__row\">\n\t\t\t<div class=\"c-section__col c-section__content\">\n\t\t\t\t<h1 class=\"u-h1\" class=\"u-h1\" id=\"got-a-mobility-project-allow-us-to-make-your-life-easy\">GOT A MOBILITY PROJECT? ALLOW US TO MAKE YOUR LIFE EASY!<\/h1>\n\t\t\t\t<div class=\"c__txt\"><ul>\n<li><strong>To find out more about jobs in the territory <\/strong><\/li>\n<li>To find a nursery school or education for my children&nbsp; &nbsp;&nbsp;<\/li>\n<li>To help me settle in &nbsp;<\/li>\n<li>Or for any other matters&#8230;<strong>Fill out the form on the opposite page and we<\/strong><strong>&#8216;<\/strong><strong>ll be in contact!<\/strong><\/li>\n<\/ul>\n<\/div>\n\t\t\t\t\t\t\t<\/div>\n\t\t\t<div class=\"c-section__col\">\n\t\t\t\t\t\t\t\t\t<div class=\"c-code\">\n\t\t\t\t\t\t<script charset=\"utf-8\" type=\"text\/javascript\" src=\"\/\/js.hsforms.net\/forms\/embed\/v2.js\"><\/script>\r\n<script>\r\n  hbspt.forms.create({\r\n    region: \"na1\",\r\n    portalId: \"8845296\",\r\n    formId: \"32154d26-c293-44e4-b1e6-a32c45e9f267\"\r\n  });\r\n<\/script>\t\t\t\t\t<\/div>\n\t\t\t\t\t\t\t<\/div>\n\t\t<\/div>\n\t<\/div>\n<\/section>\n\n\n\n\r\n\r\n<section class=\"blc-text-media c-section c-section--white\" id='6a62a3735321110e52527d7224ca8520'>\r\n\t<div class=\"o-wrapper\">\r\n\t\t<div class=\"c-block-push \">\r\n\t\t\t<div class=\"c-block-push__img\">\r\n\t\t\t\t<div class=\"ratio-16x9\">\r\n\t\t\t\t\t\t\t\t\t\t\t\t\t\t\t<iframe loading=\"lazy\" title=\"Les Hauts de Flandre - Bienvenue en CCHF\" width=\"640\" height=\"360\" src=\"https:\/\/www.youtube.com\/embed\/JvOKMfNGbr8?feature=oembed\" frameborder=\"0\" allow=\"accelerometer; autoplay; clipboard-write; encrypted-media; gyroscope; picture-in-picture; web-share\" referrerpolicy=\"strict-origin-when-cross-origin\" allowfullscreen><\/iframe>\t\t\t\t<\/div>\r\n\t\t\t<\/div>\r\n\t\t\t<div class=\"c-block-push__content\">\r\n\t\t\t\t<div class=\"c-wysiwyg\">\r\n\t\t\t\t\t<h2 id=\"live-near-the-town-sea-and-countryside-in-the-hauts-de-flandre\">Live near the town, sea and countryside in the Hauts de Flandre<\/h2>\r\n\t\t\t\t\t<div><p><strong>&#8220;And what if the big luxury is all the space on offer?&#8221;<\/strong><\/p>\n<p>Just a stone&#8217;s throw from Dunkirk and from the <strong>city you&#8217;ll find some great areas, <\/strong>beautiful old homes filled with charm and new, more contemporary buildings with a garden where you can enjoy the gorgeous weather. Give in to temptation! &nbsp;<\/p>\n<p>In the Hauts de Flandre, you can also delight in the fresh produce from the many local producers. It&#8217;s all about the exceptional<strong> quality of life<\/strong> on offer to you and your family just 15 minutes from the sea and 40 minutes from the European metropolis of Lille.<\/p>\n<\/div>\r\n\t\t\t\t\t\t\t\t\t<\/div>\r\n\t\t\t<\/div>\r\n\t\t<\/div>\r\n\t<\/div>\r\n<\/section>\r\n\r\n\n\n\n\n<section class=\"blc-slider-interet c-section c-section--white\" id='dc37cb4813c3d9ea26e921a72be370f2'>\n\t<div class=\"o-wrapper\">\n\t<h2 id=\"why-dunkirk\">WHY DUNKIRK? <\/h2>\t\t\n\t\t<div class=\"c-slider-reasons\">\n\t\t\t<div class=\"c-slider-reasons__slides js-slider-reasons\">\n\t\t\t\t\t\t\t\t\t<div class=\"c-slider-reasons__slide\">\n\t\t\t\t\t\t<h3 class=\"c-slider-reasons__head\" class=\"c-slider-reasons__head\" id=\"reason-no-1\">REASON No. 1<\/h3>\t\t\t\t\t\t<div class=\"c-slider-reasons__box\">\n\t\t\t\t\t\t\t<div class=\"c-slider-reasons__push ratio-1x3\">\n\t\t\t\t\t\t\t\t<img decoding=\"async\" alt=\"DUNKIRK, A REGION OF HISTORY AND CULTURE\" src=\"https:\/\/dunkerquelenergiecreative.fr\/wp-content\/uploads\/2022\/11\/REDI-DUNES-CUD-JF-LECA-DSC_0006-1.jpg\" srcset=\"\" sizes=\"(min-width: 1400px) 1386px, (min-width: 1600px) 1584px, 100vw\">\t\t\t\t\t\t\t\t\t\t\t\t\t\t\t<\/div>\n\t\t\t\t\t\t\t<div class=\"c-slider-reasons__content\">\n\t\t\t\t\t\t\t\t<h4 class=\"c-slider-reasons__title\" class=\"c-slider-reasons__title\" id=\"a-unique-way-of-life\">A UNIQUE WAY OF LIFE<\/h4>\t\t\t\t\t\t\t\t<p><p>The Dunkirk region is a close-knit territory. At the same time, however, both close to major metropolises and the coast, the Dunkirk basin benefits from the assets of a large city where you can strike the right balance between quality of personal life and job prospects. Anyone who has taken the leap raves about the quality of life here!<\/p>\n<\/p>\t\t\t\t\t\t\t\t\t\t\t\t\t\t\t<\/div>\n\t\t\t\t\t\t<\/div>\n\t\t\t\t\t<\/div>\n\t\t\t\t\t\t\t\t\t<div class=\"c-slider-reasons__slide\">\n\t\t\t\t\t\t<h3 class=\"c-slider-reasons__head\" class=\"c-slider-reasons__head\" id=\"reason-no-2\">REASON No. 2<\/h3>\t\t\t\t\t\t<div class=\"c-slider-reasons__box\">\n\t\t\t\t\t\t\t<div class=\"c-slider-reasons__push ratio-1x3\">\n\t\t\t\t\t\t\t\t<img decoding=\"async\" alt=\"ferme g\" src=\"https:\/\/dunkerquelenergiecreative.fr\/wp-content\/uploads\/2022\/05\/FermeCCHF097f034f0f4fc5381b7501e0c0b47a50.jpg\" srcset=\"https:\/\/dunkerquelenergiecreative.fr\/wp-content\/uploads\/2022\/05\/FermeCCHF097f034f0f4fc5381b7501e0c0b47a50-300x200.jpg 300w, https:\/\/dunkerquelenergiecreative.fr\/wp-content\/uploads\/2022\/05\/FermeCCHF097f034f0f4fc5381b7501e0c0b47a50-1024x683.jpg 1024w, https:\/\/dunkerquelenergiecreative.fr\/wp-content\/uploads\/2022\/05\/FermeCCHF097f034f0f4fc5381b7501e0c0b47a50-768x512.jpg 768w, https:\/\/dunkerquelenergiecreative.fr\/wp-content\/uploads\/2022\/05\/FermeCCHF097f034f0f4fc5381b7501e0c0b47a50.jpg 1200w\" sizes=\"(min-width: 1400px) 1386px, (min-width: 1600px) 1584px, 100vw\">\t\t\t\t\t\t\t\t\t\t\t\t\t\t\t<\/div>\n\t\t\t\t\t\t\t<div class=\"c-slider-reasons__content\">\n\t\t\t\t\t\t\t\t<h4 class=\"c-slider-reasons__title\" class=\"c-slider-reasons__title\" id=\"spacious-properties-at-reasonable-prices\">Spacious properties at reasonable prices<\/h4>\t\t\t\t\t\t\t\t<p><p>Alone, with your partner or the whole family, are you dreaming of an adventure in the near future? The housing stock in the Flanders-Dunkirk area offers you gorgeous properties for prices around 20% less than in neighbouring European cities.<\/p>\n<\/p>\t\t\t\t\t\t\t\t\t\t\t\t\t\t\t<\/div>\n\t\t\t\t\t\t<\/div>\n\t\t\t\t\t<\/div>\n\t\t\t\t\t\t\t\t\t<div class=\"c-slider-reasons__slide\">\n\t\t\t\t\t\t<h3 class=\"c-slider-reasons__head\" class=\"c-slider-reasons__head\" id=\"reason-no-3\">REASON No. 3<\/h3>\t\t\t\t\t\t<div class=\"c-slider-reasons__box\">\n\t\t\t\t\t\t\t<div class=\"c-slider-reasons__push ratio-1x3\">\n\t\t\t\t\t\t\t\t<img decoding=\"async\" alt=\"DUNKIRK, A REGION OF HISTORY AND CULTURE\" src=\"https:\/\/dunkerquelenergiecreative.fr\/wp-content\/uploads\/2022\/11\/REDI-PVDSC_0804-1.jpg\" srcset=\"\" sizes=\"(min-width: 1400px) 1386px, (min-width: 1600px) 1584px, 100vw\">\t\t\t\t\t\t\t\t\t\t\t\t\t\t\t<\/div>\n\t\t\t\t\t\t\t<div class=\"c-slider-reasons__content\">\n\t\t\t\t\t\t\t\t<h4 class=\"c-slider-reasons__title\" class=\"c-slider-reasons__title\" id=\"a-territory-committed-to-the-well-being-of-its-inhabitants\">A territory committed to the well-being of its inhabitants<\/h4>\t\t\t\t\t\t\t\t<p><p>Dunkirk has a long-standing commitment to the well-being of its inhabitants. Free public transport, development of soft mobility with the creation of many bicycle lanes, urban greening&#8230; The examples never end!<\/p>\n<\/p>\t\t\t\t\t\t\t\t\t\t\t\t\t\t\t<\/div>\n\t\t\t\t\t\t<\/div>\n\t\t\t\t\t<\/div>\n\t\t\t\t\t\t\t\t\t<div class=\"c-slider-reasons__slide\">\n\t\t\t\t\t\t<h3 class=\"c-slider-reasons__head\" class=\"c-slider-reasons__head\" id=\"reason-no-4\">REASON No. 4<\/h3>\t\t\t\t\t\t<div class=\"c-slider-reasons__box\">\n\t\t\t\t\t\t\t<div class=\"c-slider-reasons__push ratio-1x3\">\n\t\t\t\t\t\t\t\t<img decoding=\"async\" alt=\"enfants d\u00e9guis\u00e9s assis qui rigolent, \u00e0 Dunkerque\" src=\"https:\/\/dunkerquelenergiecreative.fr\/wp-content\/uploads\/2022\/12\/REDI-illustr-creche.jpg\" srcset=\"\" sizes=\"(min-width: 1400px) 1386px, (min-width: 1600px) 1584px, 100vw\">\t\t\t\t\t\t\t\t\t\t\t\t\t\t\t<\/div>\n\t\t\t\t\t\t\t<div class=\"c-slider-reasons__content\">\n\t\t\t\t\t\t\t\t<h4 class=\"c-slider-reasons__title\" class=\"c-slider-reasons__title\" id=\"activities-and-education-for-all-the-family\">ACTIVITIES AND EDUCATION FOR ALL THE FAMILY <\/h4>\t\t\t\t\t\t\t\t<p><p>The territory of Dunkirk has 250,000 inhabitants and is part of one of the youngest and most densely populated regions in France. Because of the abundance of educational courses provided by local universities, vocational training schools and engineering schools, companies will encounter a pool of expertise here. The territory also provides recruitment and training support programmes.<\/p>\n<\/p>\t\t\t\t\t\t\t\t\t\t\t\t\t\t\t<\/div>\n\t\t\t\t\t\t<\/div>\n\t\t\t\t\t<\/div>\n\t\t\t\t\t\t\t\t\t<div class=\"c-slider-reasons__slide\">\n\t\t\t\t\t\t<h3 class=\"c-slider-reasons__head\" class=\"c-slider-reasons__head\" id=\"reason-no-5\">REASON No. 5<\/h3>\t\t\t\t\t\t<div class=\"c-slider-reasons__box\">\n\t\t\t\t\t\t\t<div class=\"c-slider-reasons__push ratio-1x3\">\n\t\t\t\t\t\t\t\t<img decoding=\"async\" alt=\"personnes se tenant le bras\" src=\"https:\/\/dunkerquelenergiecreative.fr\/wp-content\/uploads\/2022\/08\/reseau-scaled.jpg\" srcset=\"https:\/\/dunkerquelenergiecreative.fr\/wp-content\/uploads\/2022\/08\/reseau-300x200.jpg 300w, https:\/\/dunkerquelenergiecreative.fr\/wp-content\/uploads\/2022\/08\/reseau-1024x683.jpg 1024w, https:\/\/dunkerquelenergiecreative.fr\/wp-content\/uploads\/2022\/08\/reseau-768x512.jpg 768w, https:\/\/dunkerquelenergiecreative.fr\/wp-content\/uploads\/2022\/08\/reseau-1536x1024.jpg 1536w, https:\/\/dunkerquelenergiecreative.fr\/wp-content\/uploads\/2022\/08\/reseau-2048x1365.jpg 2048w\" sizes=\"(min-width: 1400px) 1386px, (min-width: 1600px) 1584px, 100vw\">\t\t\t\t\t\t\t\t\t\t\t\t\t\t\t<\/div>\n\t\t\t\t\t\t\t<div class=\"c-slider-reasons__content\">\n\t\t\t\t\t\t\t\t<h4 class=\"c-slider-reasons__title\" class=\"c-slider-reasons__title\" id=\"support-to-settle-in\">SUPPORT TO SETTLE IN<\/h4>\t\t\t\t\t\t\t\t<p><p>Dunkirk has everything you need to feel right at home straight away: &nbsp;<\/p>\n<ul>\n<li>The Greater Dunkirk Urban Council has set up a service and<a href=\"https:\/\/www.jeminstalleadunkerque.fr\/je-m-installe\"> a website <\/a>to help families settle in here.<\/li>\n<li>The town halls in the villages of the Hauts de Flandre Greater District Council are a great starting point if you want to familiarise yourself with your future place to live.<\/li>\n<li><a href=\"https:\/\/avf.asso.fr\/dunkerque\/\"><strong>Accueil des Villes Fran\u00e7aises (The French Welcome Association) <\/strong><\/a>has a branch in Dunkirk and it will help you to integrate into your new surroundings. &nbsp;<\/li>\n<\/ul>\n<\/p>\t\t\t\t\t\t\t\t\t\t\t\t\t\t\t<\/div>\n\t\t\t\t\t\t<\/div>\n\t\t\t\t\t<\/div>\n\t\t\t\t\t\t\t<\/div>\n\t\t<\/div>\n\n\t<\/div>\n<\/section>\n\n\n\n\n\n<section class=\"blc-keys-numbers c-nums c-section--secondary\" id='5778491679520d493b2ca794aa4281e4'>\n\t<div class=\"o-wrapper\">\n\t\t\t\t<div class=\"c-nums__row\">\n\t\t\t\t\t\t\t<div class=\"c-nums__col\">\n\t\t\t\t\t<div class=\"c-nums__num\">16,000<\/div>\n\t\t\t\t\t<p class=\"c-nums__desc\"><p>jobs will be created in industry in the Flanders-Dunkirk area over the coming years.<\/p>\n<\/p>\n\t\t\t\t<\/div>\n\t\t\t\t\t\t\t<div class=\"c-nums__col\">\n\t\t\t\t\t<div class=\"c-nums__num\">90%<\/div>\n\t\t\t\t\t<p class=\"c-nums__desc\"><p>of the population lives less than 15 minutes from a sports facility.<\/p>\n<\/p>\n\t\t\t\t<\/div>\n\t\t\t\t\t\t\t<div class=\"c-nums__col\">\n\t\t\t\t\t<div class=\"c-nums__num\">-20%<\/div>\n\t\t\t\t\t<p class=\"c-nums__desc\"><p>Property is 20% less expensive than in neighbouring European cities.<\/p>\n<\/p>\n\t\t\t\t<\/div>\n\t\t\t\t\t\t\t<div class=\"c-nums__col\">\n\t\t\t\t\t<div class=\"c-nums__num\">300<\/div>\n\t\t\t\t\t<p class=\"c-nums__desc\"><p>nursery schools, primary schools and secondary schools make the area a comprehensive educational hub.<\/p>\n<\/p>\n\t\t\t\t<\/div>\n\t\t\t\t\t<\/div>\n\t<\/div>\n<\/section>\n\n\n\n\n\n<section class=\"blc-tree-cta c-section\" id='3c83115b6ce810ca4094621e722ec46b'>\n\t<div class=\"o-wrapper\">\n\t<h2 class=\"u-text-center\" class=\"u-text-center\" id=\"do-sport-in-dunkirk\">DO SPORT IN DUNKIRK!<\/h2>\t<div class=\"c-section__wishes\">\n\t\t\t\t\t<div class=\"c-section__wishes-col\">\n\t\t\t\t<div class=\"c-wish\">\n\t\t\t\t\t<div class=\"c-wish__icon\">\n\t\t\t\t\t\t<img decoding=\"async\" src=\"https:\/\/dunkerquelenergiecreative.fr\/wp-content\/uploads\/2023\/01\/ICON-patin-a-glace-96.png\" alt=\"\">\t\t\t\t\t\t\t\t\t\t\t<\/div>\n\t\t\t\t\t<h3 class=\"c-wish__title\" class=\"c-wish__title\" id=\"go-to-the-ice-skating-rink\">Go to the ice skating rink<\/h3>\t\t\t\t\t<p><p>The Dunkirk Michel Raffoux ice rink (opened in 2019) has two rinks where you can enjoy gliding around on your own, with friends or with your family and kids.<\/p>\n<\/p>\t\t\t\t\t\t\t\t\t<\/div>\n\t\t\t<\/div>\n\t\t\t\t\t<div class=\"c-section__wishes-col\">\n\t\t\t\t<div class=\"c-wish\">\n\t\t\t\t\t<div class=\"c-wish__icon\">\n\t\t\t\t\t\t<img decoding=\"async\" src=\"https:\/\/dunkerquelenergiecreative.fr\/wp-content\/uploads\/2023\/01\/ICON-planche-a-voile-100.png\" alt=\"\">\t\t\t\t\t\t\t\t\t\t\t<\/div>\n\t\t\t\t\t<h3 class=\"c-wish__title\" class=\"c-wish__title\" id=\"try-your-hand-at-windsurfing\">Try your hand at windsurfing<\/h3>\t\t\t\t\t<p><p>You can introduce yourself to the joys of windsurfing in one of the many clubs across the 17 km of the Dunkirk coastline.<\/p>\n<\/p>\t\t\t\t\t\t\t\t\t<\/div>\n\t\t\t<\/div>\n\t\t\t\t\t<div class=\"c-section__wishes-col\">\n\t\t\t\t<div class=\"c-wish\">\n\t\t\t\t\t<div class=\"c-wish__icon\">\n\t\t\t\t\t\t<img decoding=\"async\" src=\"https:\/\/dunkerquelenergiecreative.fr\/wp-content\/uploads\/2023\/01\/ICON-golf-100.png\" alt=\"\">\t\t\t\t\t\t\t\t\t\t\t<\/div>\n\t\t\t\t\t<h3 class=\"c-wish__title\" class=\"c-wish__title\" id=\"practice-golf\">Practice golf <\/h3>\t\t\t\t\t<p><p>Just 10 minutes from Dunkirk, you can practice your swing at the beautiful 9, 18 or 27 hole course at <a href=\"https:\/\/bluegreen.fr\/dunkerque\/\">Golf BlueGreen Dunkerque.<\/a><\/p>\n<\/p>\t\t\t\t\t\t\t\t\t<\/div>\n\t\t\t<\/div>\n\t\t\t<\/div>\n\t<\/div>\n<\/section>\n\n\n\n\n\n<section class=\"blc-hero-lp c-section c-section--secondary tpl2\" id='f099c9d897febc7170ae835182e839fd'>\n\t<div class=\"o-wrapper\">\n\t\t<div class=\"c-section__row\">\n\t\t\t<div class=\"c-section__col c-section__content\">\n\t\t\t\t<h1 class=\"u-h1\" class=\"u-h1\" id=\"are-you-an-employee-or-student-relocating-to-dunkirk-our-magazine-is-made-for-you\">Are you an employee or student relocating to Dunkirk? Our magazine is made for you!<\/h1>\n\t\t\t\t<div class=\"c__txt\"><p>Discover the magazine &#8220;Live, work and educate yourself in Dunkirk ajd in Maritime Flanders&#8221; and receive the latest news from the region by e-mail to find out more about not-to-be-missed tips, activities, events and much more!<\/p>\n<\/div>\n\t\t\t\t\t\t\t<\/div>\n\t\t\t<div class=\"c-section__col\">\n\t\t\t\t\t\t\t\t\t<div class=\"c-code\">\n\t\t\t\t\t\t<script charset=\"utf-8\" type=\"text\/javascript\" src=\"\/\/js.hsforms.net\/forms\/embed\/v2.js\"><\/script>\r\n<script>\r\n  hbspt.forms.create({\r\n    portalId: \"8845296\",\r\n    formId: \"06638d38-29e2-4f0f-8227-235a4a7c839e\"\r\n  });\r\n<\/script>\t\t\t\t\t<\/div>\n\t\t\t\t\t\t\t<\/div>\n\t\t<\/div>\n\t<\/div>\n<\/section>\n\n\n\n\n\n<section class=\"blc-embed c-section c-section--tertiary\" id='03be9dca84dd6d933ddbed1b89260b85'>\n\t<div class=\"o-wrapper\">\n\t\t<div class=\"c-section__narrow u-text-center\">\n\t\t\t<h2 class=\"u-text-center\" class=\"u-text-center\" id=\"browse-our-interactive-map-discover-major-facilities-and-much-more\">Browse our interactive map, discover major facilities and much more!  <\/h2>\t\t\t<div class=\"u-text-center\">Change and choose the filters that interest you ;)  <\/div>\t\t<\/div>\n\t\t<div class=\"content ratio-16x9 shd\"><iframe src=\"https:\/\/dunkerquepromotion.cities.smart-origin.com\/map\/dunkerque-promotion\/search\/Cadre%20de%20vie=tissu_eco_cadre_vie_4118+dk_visible+loisir\/@50.87103,2.47803,9\"><\/iframe><\/div>\t\t\t<\/div>\n<\/section>\n\n\n\n\n\n<section class=\"blc-related-posts c-section c-section--news c-section--white\" type='manual' id='4d6d63c874c0cecf824e5a298c7d0c22'>\n\t<div class=\"o-wrapper\">\n\t\t<h2 id=\"see-what-others-have-to-say-about-the-quality-of-life-in-dunkirk\">SEE WHAT OTHERS HAVE TO SAY ABOUT THE QUALITY OF LIFE IN DUNKIRK&#8230;<\/h2>\n\t\t\t\t<div class=\"c-news-slider\"> \n\t\t\t<div class=\"c-news-slider__slides js-slider-news\">\n\t\t\t\t\t\t\t<article class=\"c-news-slider__slide\">\n\t\t\t\t\t\n<div class=\"c-news-card\">\n\t<a class='c-news-card__link' href=\"https:\/\/dunkerquelenergiecreative.fr\/temoignages\/temoignage-vivre-a-dunkerque-emilie-et-nicolas\/\" target=\"_self\">\n\t\t<div class=\"c-news-card__thumb ratio-16x9\">\n\t\t\t<ul class=\"c-news-card__cat toto\"><li>T\u00e9moignages<\/li><\/ul>\n\t\t\t<img decoding=\"async\" alt=\"Emilie et Nicolas vivre \u00e0 Dunkerque\" src=\"https:\/\/dunkerquelenergiecreative.fr\/wp-content\/uploads\/2022\/02\/em-et-nico-e1568819542941.jpg\" srcset=\"https:\/\/dunkerquelenergiecreative.fr\/wp-content\/uploads\/2022\/02\/em-et-nico-e1568819542941-300x146.jpg 300w, https:\/\/dunkerquelenergiecreative.fr\/wp-content\/uploads\/2022\/02\/em-et-nico-e1568819542941.jpg 500w\" sizes=\"(min-width: 992px) 397px, (min-width: 1200px) 480px, (min-width: 1400px) 560px, (min-width: 1600px) 640px, 100vw\">\n\t\t<\/div>\n\t\t<div class=\"c-news-card__content\">\n\t\t\t<ul class=\"c-news-card__tags\">\n\t\t\t\t\t\t\t\t\t<li>#Habitants et Futurs Habitants<\/li>\n\t\t\t\t\t\t\t<\/ul>\n\t\t\t\t\t\t<p class=\"c-news-card__date\">11 June 2025<\/p>\n\t\t\t<h3 class=\"c-news-card__title\" class=\"c-news-card__title\" id=\"emilie-et-nicolas\">Emilie et Nicolas<\/h3>\n\t\t\t<p class=\"c-news-card__desc\">Emilie et Nicolas t\u00e9moignent de leur vie sur la vie \u00e0 Dunkerque. Ils s&#8217;y sont&hellip;\t\t\t\t\t\t\t<\/p>\n\t\t\t<div class=\"c-news-card__more\">\n\t\t\t\t<button>Read more<\/button>\n\t\t\t\t\t\t\t<\/div>\n\t\t<\/div>\n\t<\/a>\n<\/div>\t\t\t\t<\/article>\n\t\t\t\t\t\t\t<article class=\"c-news-slider__slide\">\n\t\t\t\t\t\n<div class=\"c-news-card\">\n\t<a class='c-news-card__link' href=\"https:\/\/dunkerquelenergiecreative.fr\/temoignages\/temoignage-vivre-a-dunkerque-kornel-nagy\/\" target=\"_self\">\n\t\t<div class=\"c-news-card__thumb ratio-16x9\">\n\t\t\t<ul class=\"c-news-card__cat toto\"><li>T\u00e9moignages<\/li><\/ul>\n\t\t\t<img decoding=\"async\" alt=\"Kornel Nagy USDK Handball\" src=\"https:\/\/dunkerquelenergiecreative.fr\/wp-content\/uploads\/2022\/02\/REDI-Kornel_haltero.jpg\" srcset=\"https:\/\/dunkerquelenergiecreative.fr\/wp-content\/uploads\/2022\/02\/REDI-Kornel_haltero-300x200.jpg 300w, https:\/\/dunkerquelenergiecreative.fr\/wp-content\/uploads\/2022\/02\/REDI-Kornel_haltero-1024x683.jpg 1024w, https:\/\/dunkerquelenergiecreative.fr\/wp-content\/uploads\/2022\/02\/REDI-Kornel_haltero-768x512.jpg 768w, https:\/\/dunkerquelenergiecreative.fr\/wp-content\/uploads\/2022\/02\/REDI-Kornel_haltero.jpg 1080w\" sizes=\"(min-width: 992px) 397px, (min-width: 1200px) 480px, (min-width: 1400px) 560px, (min-width: 1600px) 640px, 100vw\">\n\t\t<\/div>\n\t\t<div class=\"c-news-card__content\">\n\t\t\t<ul class=\"c-news-card__tags\">\n\t\t\t\t\t\t\t\t\t<li>#Habitants et Futurs Habitants<\/li>\n\t\t\t\t\t\t\t<\/ul>\n\t\t\t\t\t\t<p class=\"c-news-card__date\">11 June 2025<\/p>\n\t\t\t<h3 class=\"c-news-card__title\" class=\"c-news-card__title\" id=\"kornel-nagy\">Korn\u00e9l Nagy<\/h3>\n\t\t\t<p class=\"c-news-card__desc\">Korn\u00e9l Nagy, joueur de hand de l&#8217;USDK est originaire de Hongrie, s&#8217;est install\u00e9 \u00e0 Dunkerque&hellip;\t\t\t\t\t\t\t<\/p>\n\t\t\t<div class=\"c-news-card__more\">\n\t\t\t\t<button>Read more<\/button>\n\t\t\t\t\t\t\t<\/div>\n\t\t<\/div>\n\t<\/a>\n<\/div>\t\t\t\t<\/article>\n\t\t\t\t\t\t\t<article class=\"c-news-slider__slide\">\n\t\t\t\t\t\n<div class=\"c-news-card\">\n\t<a class='c-news-card__link' href=\"https:\/\/dunkerquelenergiecreative.fr\/temoignages\/temoignage-vivre-a-dunkerque-cecile-et-remi\/\" target=\"_self\">\n\t\t<div class=\"c-news-card__thumb ratio-16x9\">\n\t\t\t<ul class=\"c-news-card__cat toto\"><li>T\u00e9moignages<\/li><\/ul>\n\t\t\t<img decoding=\"async\" alt=\"photo talents cecile et remi\" src=\"https:\/\/dunkerquelenergiecreative.fr\/wp-content\/uploads\/2022\/03\/CecileRemi.jpg\" srcset=\"https:\/\/dunkerquelenergiecreative.fr\/wp-content\/uploads\/2022\/03\/CecileRemi-300x135.jpg 300w, https:\/\/dunkerquelenergiecreative.fr\/wp-content\/uploads\/2022\/03\/CecileRemi-1024x461.jpg 1024w, https:\/\/dunkerquelenergiecreative.fr\/wp-content\/uploads\/2022\/03\/CecileRemi-768x346.jpg 768w, https:\/\/dunkerquelenergiecreative.fr\/wp-content\/uploads\/2022\/03\/CecileRemi-1536x692.jpg 1536w, https:\/\/dunkerquelenergiecreative.fr\/wp-content\/uploads\/2022\/03\/CecileRemi.jpg 1545w\" sizes=\"(min-width: 992px) 397px, (min-width: 1200px) 480px, (min-width: 1400px) 560px, (min-width: 1600px) 640px, 100vw\">\n\t\t<\/div>\n\t\t<div class=\"c-news-card__content\">\n\t\t\t<ul class=\"c-news-card__tags\">\n\t\t\t\t\t\t\t\t\t<li>#Habitants et Futurs Habitants<\/li>\n\t\t\t\t\t\t\t<\/ul>\n\t\t\t\t\t\t<p class=\"c-news-card__date\">11 June 2025<\/p>\n\t\t\t<h3 class=\"c-news-card__title\" class=\"c-news-card__title\" id=\"originaires-du-mans-cecile-et-remi-posent-leurs-bagages-a-dunkerque\">Originaires du Mans, C\u00e9cile et R\u00e9mi posent leurs bagages \u00e0 Dunkerque !<\/h3>\n\t\t\t<p class=\"c-news-card__desc\">C\u00e9cile et R\u00e9mi sont arriv\u00e9s il y a quelques ann\u00e9es \u00e0 Dunkerque avec leurs enfants.&hellip;\t\t\t\t\t\t\t<\/p>\n\t\t\t<div class=\"c-news-card__more\">\n\t\t\t\t<button>Read more<\/button>\n\t\t\t\t\t\t\t<\/div>\n\t\t<\/div>\n\t<\/a>\n<\/div>\t\t\t\t<\/article>\n\t\t\t\t\t\t\t<article class=\"c-news-slider__slide\">\n\t\t\t\t\t\n<div class=\"c-news-card\">\n\t<a class='c-news-card__link' href=\"https:\/\/dunkerquelenergiecreative.fr\/temoignages\/temoignage-vivre-a-dunkerque-kazumi-dusart-fukushima\/\" target=\"_self\">\n\t\t<div class=\"c-news-card__thumb ratio-16x9\">\n\t\t\t<ul class=\"c-news-card__cat toto\"><li>T\u00e9moignages<\/li><\/ul>\n\t\t\t<img decoding=\"async\" alt=\"Kazumi devant tracteur Kubota\" src=\"https:\/\/dunkerquelenergiecreative.fr\/wp-content\/uploads\/2022\/02\/REDI-IMG_1316-kazumi-min-scaled-1.jpg\" srcset=\"https:\/\/dunkerquelenergiecreative.fr\/wp-content\/uploads\/2022\/02\/REDI-IMG_1316-kazumi-min-scaled-1-300x225.jpg 300w, https:\/\/dunkerquelenergiecreative.fr\/wp-content\/uploads\/2022\/02\/REDI-IMG_1316-kazumi-min-scaled-1-1024x768.jpg 1024w, https:\/\/dunkerquelenergiecreative.fr\/wp-content\/uploads\/2022\/02\/REDI-IMG_1316-kazumi-min-scaled-1-768x576.jpg 768w, https:\/\/dunkerquelenergiecreative.fr\/wp-content\/uploads\/2022\/02\/REDI-IMG_1316-kazumi-min-scaled-1.jpg 1080w\" sizes=\"(min-width: 992px) 397px, (min-width: 1200px) 480px, (min-width: 1400px) 560px, (min-width: 1600px) 640px, 100vw\">\n\t\t<\/div>\n\t\t<div class=\"c-news-card__content\">\n\t\t\t<ul class=\"c-news-card__tags\">\n\t\t\t\t\t\t\t\t\t<li>#Habitants et Futurs Habitants<\/li>\n\t\t\t\t\t\t\t<\/ul>\n\t\t\t\t\t\t<p class=\"c-news-card__date\">11 June 2025<\/p>\n\t\t\t<h3 class=\"c-news-card__title\" class=\"c-news-card__title\" id=\"kazumi-dusart-fukushima\">Kazumi Dusart-Fukushima<\/h3>\n\t\t\t<p class=\"c-news-card__desc\">Originaire du Japon, Kazumi Dussart-Fukushima est arriv\u00e9e pour vivre \u00e0 Dunkerque en 2002 lorsque son&hellip;\t\t\t\t\t\t\t<\/p>\n\t\t\t<div class=\"c-news-card__more\">\n\t\t\t\t<button>Read more<\/button>\n\t\t\t\t\t\t\t<\/div>\n\t\t<\/div>\n\t<\/a>\n<\/div>\t\t\t\t<\/article>\n\t\t\t\t\t\t\t<article class=\"c-news-slider__slide\">\n\t\t\t\t\t\n<div class=\"c-news-card\">\n\t<a class='c-news-card__link' href=\"https:\/\/dunkerquelenergiecreative.fr\/temoignages\/temoignage-vivre-a-dunkerque-thomas\/\" target=\"_self\">\n\t\t<div class=\"c-news-card__thumb ratio-16x9\">\n\t\t\t<ul class=\"c-news-card__cat toto\"><li>T\u00e9moignages<\/li><\/ul>\n\t\t\t<img decoding=\"async\" alt=\"thomas vernier port dunkerque\" src=\"https:\/\/dunkerquelenergiecreative.fr\/wp-content\/uploads\/2022\/03\/Redi_PhotoTemoignageThomasVernier.jpg\" srcset=\"https:\/\/dunkerquelenergiecreative.fr\/wp-content\/uploads\/2022\/03\/Redi_PhotoTemoignageThomasVernier-300x169.jpg 300w, https:\/\/dunkerquelenergiecreative.fr\/wp-content\/uploads\/2022\/03\/Redi_PhotoTemoignageThomasVernier.jpg 768w\" sizes=\"(min-width: 992px) 397px, (min-width: 1200px) 480px, (min-width: 1400px) 560px, (min-width: 1600px) 640px, 100vw\">\n\t\t<\/div>\n\t\t<div class=\"c-news-card__content\">\n\t\t\t<ul class=\"c-news-card__tags\">\n\t\t\t\t\t\t\t\t\t<li>#Habitants et Futurs Habitants<\/li>\n\t\t\t\t\t\t\t<\/ul>\n\t\t\t\t\t\t<p class=\"c-news-card__date\">11 June 2025<\/p>\n\t\t\t<h3 class=\"c-news-card__title\" class=\"c-news-card__title\" id=\"thomas-vernier\">Thomas Vernier<\/h3>\n\t\t\t<p class=\"c-news-card__desc\">Attach\u00e9 \u00e0 l\u2019\u00e9tat d\u2019esprit du Nord, Thomas qui a v\u00e9cu 10 ans \u00e0 Marseille et&hellip;\t\t\t\t\t\t\t<\/p>\n\t\t\t<div class=\"c-news-card__more\">\n\t\t\t\t<button>Read more<\/button>\n\t\t\t\t\t\t\t<\/div>\n\t\t<\/div>\n\t<\/a>\n<\/div>\t\t\t\t<\/article>\n\t\t\t\t\t\t\t<article class=\"c-news-slider__slide\">\n\t\t\t\t\t\n<div class=\"c-news-card\">\n\t<a class='c-news-card__link' href=\"https:\/\/dunkerquelenergiecreative.fr\/temoignages\/temoignage-vivre-a-dunkerque-loic\/\" target=\"_self\">\n\t\t<div class=\"c-news-card__thumb ratio-16x9\">\n\t\t\t<ul class=\"c-news-card__cat toto\"><li>T\u00e9moignages<\/li><\/ul>\n\t\t\t<img decoding=\"async\" alt=\"portrait talent loic lecomte\" src=\"https:\/\/dunkerquelenergiecreative.fr\/wp-content\/uploads\/2022\/03\/loic-lecomte-1-e1561973877747.jpg\" srcset=\"https:\/\/dunkerquelenergiecreative.fr\/wp-content\/uploads\/2022\/03\/loic-lecomte-1-e1561973877747-300x300.jpg 300w, https:\/\/dunkerquelenergiecreative.fr\/wp-content\/uploads\/2022\/03\/loic-lecomte-1-e1561973877747-150x150.jpg 150w, https:\/\/dunkerquelenergiecreative.fr\/wp-content\/uploads\/2022\/03\/loic-lecomte-1-e1561973877747.jpg 500w\" sizes=\"(min-width: 992px) 397px, (min-width: 1200px) 480px, (min-width: 1400px) 560px, (min-width: 1600px) 640px, 100vw\">\n\t\t<\/div>\n\t\t<div class=\"c-news-card__content\">\n\t\t\t<ul class=\"c-news-card__tags\">\n\t\t\t\t\t\t\t\t\t<li>#Habitants et Futurs Habitants<\/li>\n\t\t\t\t\t\t\t<\/ul>\n\t\t\t\t\t\t<p class=\"c-news-card__date\">11 June 2025<\/p>\n\t\t\t<h3 class=\"c-news-card__title\" class=\"c-news-card__title\" id=\"loic-lecomte\">Lo\u00efc LECOMTE<\/h3>\n\t\t\t<p class=\"c-news-card__desc\">Apr\u00e8s avoir v\u00e9cu 9 ans en Inde, Lo\u00efc souhaitait revenir en France et s\u2019est install\u00e9&hellip;\t\t\t\t\t\t\t<\/p>\n\t\t\t<div class=\"c-news-card__more\">\n\t\t\t\t<button>Read more<\/button>\n\t\t\t\t\t\t\t<\/div>\n\t\t<\/div>\n\t<\/a>\n<\/div>\t\t\t\t<\/article>\n\t\t\t \n\t\t\t<\/div>\n\t\t\t\t\t\t\t<div class=\"c-section__see-all\"><a class=\"c-arrow-link\" href=\"https:\/\/dunkerquelenergiecreative.fr\/en\/all-publications\/\">More News<\/a><\/div>\n\t\t\t\t\t<\/div>\n\t<\/div>\n<\/section>\n\n","protected":false},"excerpt":{"rendered":"Are you looking for an area where life is good, close to nature, in a peaceful atmosphere? And why not Dunkirk!?","protected":false},"author":2,"featured_media":32838,"parent":0,"menu_order":0,"comment_status":"closed","ping_status":"closed","template":"","meta":{"_acf_changed":false,"inline_featured_image":false,"_uf_show_specific_survey":0,"_uf_disable_surveys":false,"footnotes":""},"class_list":["post-35003","page","type-page","status-publish","has-post-thumbnail","hentry"],"acf":[],"yoast_head":"<!-- This site is optimized with the Yoast SEO plugin v27.4 - https:\/\/yoast.com\/product\/yoast-seo-wordpress\/ -->\n<title>DUNKIRK, A REGION OF HISTORY AND CULTURE - Dunkerque l&#039;\u00c9nergie Cr\u00e9ative<\/title>\n<meta name=\"description\" content=\"Are you looking for an area where life is good, close to nature, in a peaceful atmosphere? And why not Dunkirk!?\" \/>\n<meta name=\"robots\" content=\"index, follow, max-snippet:-1, max-image-preview:large, max-video-preview:-1\" \/>\n<link rel=\"canonical\" href=\"https:\/\/dunkerquelenergiecreative.fr\/en\/welcome-to-flanders-dunkirk\/\" \/>\n<meta property=\"og:locale\" content=\"en_US\" \/>\n<meta property=\"og:type\" content=\"article\" \/>\n<meta property=\"og:title\" content=\"DUNKIRK, A REGION OF HISTORY AND CULTURE - Dunkerque l&#039;\u00c9nergie Cr\u00e9ative\" \/>\n<meta property=\"og:description\" content=\"Are you looking for an area where life is good, close to nature, in a peaceful atmosphere? And why not Dunkirk!?\" \/>\n<meta property=\"og:url\" content=\"https:\/\/dunkerquelenergiecreative.fr\/en\/welcome-to-flanders-dunkirk\/\" \/>\n<meta property=\"og:site_name\" content=\"Dunkerque l&#039;\u00c9nergie Cr\u00e9ative\" \/>\n<meta property=\"article:publisher\" content=\"https:\/\/www.facebook.com\/Dunkerquelenergiecreative\" \/>\n<meta property=\"article:modified_time\" content=\"2025-07-04T14:12:02+00:00\" \/>\n<meta property=\"og:image\" content=\"https:\/\/dunkerquelenergiecreative.fr\/wp-content\/uploads\/2023\/02\/REDI-@CUD-Pierre-Volot4.jpg\" \/>\n\t<meta property=\"og:image:width\" content=\"1280\" \/>\n\t<meta property=\"og:image:height\" content=\"853\" \/>\n\t<meta property=\"og:image:type\" content=\"image\/jpeg\" \/>\n<meta name=\"twitter:card\" content=\"summary_large_image\" \/>\n<meta name=\"twitter:site\" content=\"@ecosysteme_d\" \/>\n<meta name=\"twitter:label1\" content=\"Est. reading time\" \/>\n\t<meta name=\"twitter:data1\" content=\"5 minutes\" \/>\n<script type=\"application\/ld+json\" class=\"yoast-schema-graph\">{\"@context\":\"https:\\\/\\\/schema.org\",\"@graph\":[{\"@type\":\"WebPage\",\"@id\":\"https:\\\/\\\/dunkerquelenergiecreative.fr\\\/en\\\/welcome-to-flanders-dunkirk\\\/\",\"url\":\"https:\\\/\\\/dunkerquelenergiecreative.fr\\\/en\\\/welcome-to-flanders-dunkirk\\\/\",\"name\":\"DUNKIRK, A REGION OF HISTORY AND CULTURE - Dunkerque l&#039;\u00c9nergie Cr\u00e9ative\",\"isPartOf\":{\"@id\":\"https:\\\/\\\/dunkerquelenergiecreative.fr\\\/en\\\/#website\"},\"primaryImageOfPage\":{\"@id\":\"https:\\\/\\\/dunkerquelenergiecreative.fr\\\/en\\\/welcome-to-flanders-dunkirk\\\/#primaryimage\"},\"image\":{\"@id\":\"https:\\\/\\\/dunkerquelenergiecreative.fr\\\/en\\\/welcome-to-flanders-dunkirk\\\/#primaryimage\"},\"thumbnailUrl\":\"https:\\\/\\\/dunkerquelenergiecreative.fr\\\/wp-content\\\/uploads\\\/2023\\\/02\\\/REDI-@CUD-Pierre-Volot4.jpg\",\"datePublished\":\"2023-03-28T15:38:28+00:00\",\"dateModified\":\"2025-07-04T14:12:02+00:00\",\"description\":\"Are you looking for an area where life is good, close to nature, in a peaceful atmosphere? And why not Dunkirk!?\",\"breadcrumb\":{\"@id\":\"https:\\\/\\\/dunkerquelenergiecreative.fr\\\/en\\\/welcome-to-flanders-dunkirk\\\/#breadcrumb\"},\"inLanguage\":\"en-US\",\"potentialAction\":[{\"@type\":\"ReadAction\",\"target\":[\"https:\\\/\\\/dunkerquelenergiecreative.fr\\\/en\\\/welcome-to-flanders-dunkirk\\\/\"]}]},{\"@type\":\"ImageObject\",\"inLanguage\":\"en-US\",\"@id\":\"https:\\\/\\\/dunkerquelenergiecreative.fr\\\/en\\\/welcome-to-flanders-dunkirk\\\/#primaryimage\",\"url\":\"https:\\\/\\\/dunkerquelenergiecreative.fr\\\/wp-content\\\/uploads\\\/2023\\\/02\\\/REDI-@CUD-Pierre-Volot4.jpg\",\"contentUrl\":\"https:\\\/\\\/dunkerquelenergiecreative.fr\\\/wp-content\\\/uploads\\\/2023\\\/02\\\/REDI-@CUD-Pierre-Volot4.jpg\",\"width\":1280,\"height\":853},{\"@type\":\"BreadcrumbList\",\"@id\":\"https:\\\/\\\/dunkerquelenergiecreative.fr\\\/en\\\/welcome-to-flanders-dunkirk\\\/#breadcrumb\",\"itemListElement\":[{\"@type\":\"ListItem\",\"position\":1,\"name\":\"Home\",\"item\":\"https:\\\/\\\/dunkerquelenergiecreative.fr\\\/en\\\/\"},{\"@type\":\"ListItem\",\"position\":2,\"name\":\"DUNKIRK, A REGION OF HISTORY AND CULTURE\"}]},{\"@type\":\"WebSite\",\"@id\":\"https:\\\/\\\/dunkerquelenergiecreative.fr\\\/en\\\/#website\",\"url\":\"https:\\\/\\\/dunkerquelenergiecreative.fr\\\/en\\\/\",\"name\":\"Dunkerque l'\u00c9nergie Cr\u00e9ative\",\"description\":\"Agence de d\u00e9veloppement \u00e9conomique \u00e0 Dunkerque\",\"publisher\":{\"@id\":\"https:\\\/\\\/dunkerquelenergiecreative.fr\\\/en\\\/#organization\"},\"potentialAction\":[{\"@type\":\"SearchAction\",\"target\":{\"@type\":\"EntryPoint\",\"urlTemplate\":\"https:\\\/\\\/dunkerquelenergiecreative.fr\\\/en\\\/?s={search_term_string}\"},\"query-input\":{\"@type\":\"PropertyValueSpecification\",\"valueRequired\":true,\"valueName\":\"search_term_string\"}}],\"inLanguage\":\"en-US\"},{\"@type\":\"Organization\",\"@id\":\"https:\\\/\\\/dunkerquelenergiecreative.fr\\\/en\\\/#organization\",\"name\":\"Dunkerque l'\u00c9nergie Cr\u00e9ative\",\"url\":\"https:\\\/\\\/dunkerquelenergiecreative.fr\\\/en\\\/\",\"logo\":{\"@type\":\"ImageObject\",\"inLanguage\":\"en-US\",\"@id\":\"https:\\\/\\\/dunkerquelenergiecreative.fr\\\/en\\\/#\\\/schema\\\/logo\\\/image\\\/\",\"url\":\"https:\\\/\\\/dunkerquelenergiecreative.fr\\\/wp-content\\\/uploads\\\/2025\\\/04\\\/logo-dunkerque.png\",\"contentUrl\":\"https:\\\/\\\/dunkerquelenergiecreative.fr\\\/wp-content\\\/uploads\\\/2025\\\/04\\\/logo-dunkerque.png\",\"width\":696,\"height\":696,\"caption\":\"Dunkerque l'\u00c9nergie Cr\u00e9ative\"},\"image\":{\"@id\":\"https:\\\/\\\/dunkerquelenergiecreative.fr\\\/en\\\/#\\\/schema\\\/logo\\\/image\\\/\"},\"sameAs\":[\"https:\\\/\\\/www.facebook.com\\\/Dunkerquelenergiecreative\",\"https:\\\/\\\/x.com\\\/ecosysteme_d\",\"https:\\\/\\\/fr.linkedin.com\\\/company\\\/dunkerque-l-energie-creative\",\"https:\\\/\\\/www.linkedin.com\\\/company\\\/ecosysteme-d\\\/\",\"https:\\\/\\\/www.instagram.com\\\/dunkerquelenergiecreative\\\/\"]}]}<\/script>\n<!-- \/ Yoast SEO plugin. -->","yoast_head_json":{"title":"DUNKIRK, A REGION OF HISTORY AND CULTURE - Dunkerque l&#039;\u00c9nergie Cr\u00e9ative","description":"Are you looking for an area where life is good, close to nature, in a peaceful atmosphere? And why not Dunkirk!?","robots":{"index":"index","follow":"follow","max-snippet":"max-snippet:-1","max-image-preview":"max-image-preview:large","max-video-preview":"max-video-preview:-1"},"canonical":"https:\/\/dunkerquelenergiecreative.fr\/en\/welcome-to-flanders-dunkirk\/","og_locale":"en_US","og_type":"article","og_title":"DUNKIRK, A REGION OF HISTORY AND CULTURE - Dunkerque l&#039;\u00c9nergie Cr\u00e9ative","og_description":"Are you looking for an area where life is good, close to nature, in a peaceful atmosphere? And why not Dunkirk!?","og_url":"https:\/\/dunkerquelenergiecreative.fr\/en\/welcome-to-flanders-dunkirk\/","og_site_name":"Dunkerque l&#039;\u00c9nergie Cr\u00e9ative","article_publisher":"https:\/\/www.facebook.com\/Dunkerquelenergiecreative","article_modified_time":"2025-07-04T14:12:02+00:00","og_image":[{"width":1280,"height":853,"url":"https:\/\/dunkerquelenergiecreative.fr\/wp-content\/uploads\/2023\/02\/REDI-@CUD-Pierre-Volot4.jpg","type":"image\/jpeg"}],"twitter_card":"summary_large_image","twitter_site":"@ecosysteme_d","twitter_misc":{"Est. reading time":"5 minutes"},"schema":{"@context":"https:\/\/schema.org","@graph":[{"@type":"WebPage","@id":"https:\/\/dunkerquelenergiecreative.fr\/en\/welcome-to-flanders-dunkirk\/","url":"https:\/\/dunkerquelenergiecreative.fr\/en\/welcome-to-flanders-dunkirk\/","name":"DUNKIRK, A REGION OF HISTORY AND CULTURE - Dunkerque l&#039;\u00c9nergie Cr\u00e9ative","isPartOf":{"@id":"https:\/\/dunkerquelenergiecreative.fr\/en\/#website"},"primaryImageOfPage":{"@id":"https:\/\/dunkerquelenergiecreative.fr\/en\/welcome-to-flanders-dunkirk\/#primaryimage"},"image":{"@id":"https:\/\/dunkerquelenergiecreative.fr\/en\/welcome-to-flanders-dunkirk\/#primaryimage"},"thumbnailUrl":"https:\/\/dunkerquelenergiecreative.fr\/wp-content\/uploads\/2023\/02\/REDI-@CUD-Pierre-Volot4.jpg","datePublished":"2023-03-28T15:38:28+00:00","dateModified":"2025-07-04T14:12:02+00:00","description":"Are you looking for an area where life is good, close to nature, in a peaceful atmosphere? And why not Dunkirk!?","breadcrumb":{"@id":"https:\/\/dunkerquelenergiecreative.fr\/en\/welcome-to-flanders-dunkirk\/#breadcrumb"},"inLanguage":"en-US","potentialAction":[{"@type":"ReadAction","target":["https:\/\/dunkerquelenergiecreative.fr\/en\/welcome-to-flanders-dunkirk\/"]}]},{"@type":"ImageObject","inLanguage":"en-US","@id":"https:\/\/dunkerquelenergiecreative.fr\/en\/welcome-to-flanders-dunkirk\/#primaryimage","url":"https:\/\/dunkerquelenergiecreative.fr\/wp-content\/uploads\/2023\/02\/REDI-@CUD-Pierre-Volot4.jpg","contentUrl":"https:\/\/dunkerquelenergiecreative.fr\/wp-content\/uploads\/2023\/02\/REDI-@CUD-Pierre-Volot4.jpg","width":1280,"height":853},{"@type":"BreadcrumbList","@id":"https:\/\/dunkerquelenergiecreative.fr\/en\/welcome-to-flanders-dunkirk\/#breadcrumb","itemListElement":[{"@type":"ListItem","position":1,"name":"Home","item":"https:\/\/dunkerquelenergiecreative.fr\/en\/"},{"@type":"ListItem","position":2,"name":"DUNKIRK, A REGION OF HISTORY AND CULTURE"}]},{"@type":"WebSite","@id":"https:\/\/dunkerquelenergiecreative.fr\/en\/#website","url":"https:\/\/dunkerquelenergiecreative.fr\/en\/","name":"Dunkerque l'\u00c9nergie Cr\u00e9ative","description":"Agence de d\u00e9veloppement \u00e9conomique \u00e0 Dunkerque","publisher":{"@id":"https:\/\/dunkerquelenergiecreative.fr\/en\/#organization"},"potentialAction":[{"@type":"SearchAction","target":{"@type":"EntryPoint","urlTemplate":"https:\/\/dunkerquelenergiecreative.fr\/en\/?s={search_term_string}"},"query-input":{"@type":"PropertyValueSpecification","valueRequired":true,"valueName":"search_term_string"}}],"inLanguage":"en-US"},{"@type":"Organization","@id":"https:\/\/dunkerquelenergiecreative.fr\/en\/#organization","name":"Dunkerque l'\u00c9nergie Cr\u00e9ative","url":"https:\/\/dunkerquelenergiecreative.fr\/en\/","logo":{"@type":"ImageObject","inLanguage":"en-US","@id":"https:\/\/dunkerquelenergiecreative.fr\/en\/#\/schema\/logo\/image\/","url":"https:\/\/dunkerquelenergiecreative.fr\/wp-content\/uploads\/2025\/04\/logo-dunkerque.png","contentUrl":"https:\/\/dunkerquelenergiecreative.fr\/wp-content\/uploads\/2025\/04\/logo-dunkerque.png","width":696,"height":696,"caption":"Dunkerque l'\u00c9nergie Cr\u00e9ative"},"image":{"@id":"https:\/\/dunkerquelenergiecreative.fr\/en\/#\/schema\/logo\/image\/"},"sameAs":["https:\/\/www.facebook.com\/Dunkerquelenergiecreative","https:\/\/x.com\/ecosysteme_d","https:\/\/fr.linkedin.com\/company\/dunkerque-l-energie-creative","https:\/\/www.linkedin.com\/company\/ecosysteme-d\/","https:\/\/www.instagram.com\/dunkerquelenergiecreative\/"]}]}},"_links":{"self":[{"href":"https:\/\/dunkerquelenergiecreative.fr\/en\/wp-json\/wp\/v2\/pages\/35003","targetHints":{"allow":["GET"]}}],"collection":[{"href":"https:\/\/dunkerquelenergiecreative.fr\/en\/wp-json\/wp\/v2\/pages"}],"about":[{"href":"https:\/\/dunkerquelenergiecreative.fr\/en\/wp-json\/wp\/v2\/types\/page"}],"author":[{"embeddable":true,"href":"https:\/\/dunkerquelenergiecreative.fr\/en\/wp-json\/wp\/v2\/users\/2"}],"replies":[{"embeddable":true,"href":"https:\/\/dunkerquelenergiecreative.fr\/en\/wp-json\/wp\/v2\/comments?post=35003"}],"version-history":[{"count":5,"href":"https:\/\/dunkerquelenergiecreative.fr\/en\/wp-json\/wp\/v2\/pages\/35003\/revisions"}],"predecessor-version":[{"id":66502,"href":"https:\/\/dunkerquelenergiecreative.fr\/en\/wp-json\/wp\/v2\/pages\/35003\/revisions\/66502"}],"wp:featuredmedia":[{"embeddable":true,"href":"https:\/\/dunkerquelenergiecreative.fr\/en\/wp-json\/wp\/v2\/media\/32838"}],"wp:attachment":[{"href":"https:\/\/dunkerquelenergiecreative.fr\/en\/wp-json\/wp\/v2\/media?parent=35003"}],"curies":[{"name":"wp","href":"https:\/\/api.w.org\/{rel}","templated":true}]}}